{"id":10028,"date":"2019-12-09T11:20:25","date_gmt":"2019-12-09T10:20:25","guid":{"rendered":"http:\/\/utemassan.se\/?page_id=10028"},"modified":"2020-01-14T09:26:27","modified_gmt":"2020-01-14T08:26:27","slug":"press","status":"publish","type":"page","link":"https:\/\/utemassan.se\/sv\/press\/","title":{"rendered":"Press"},"content":{"rendered":"<div class=\"crane-section\"><div class=\"crane-container\"><div class=\"vc_row wpb_row vc_row-fluid\"><div class=\"wpb_column vc_column_container vc_col-sm-12\"><div class=\"vc_column-inner \"><div class=\"wpb_wrapper\"><\/div><\/div><\/div><\/div><\/div><\/div><div class=\"crane-section\"><div class=\"crane-container\"><div class=\"vc_row wpb_row vc_row-fluid\"><div class=\"wpb_column vc_column_container vc_col-sm-12\"><div class=\"vc_column-inner \"><div class=\"wpb_wrapper\"><div class=\"ult-spacer spacer-69f774b597c20\" data-id=\"69f774b597c20\" data-height=\"57\" data-height-mobile=\"57\" data-height-tab=\"57\" data-height-tab-portrait=\"\" data-height-mobile-landscape=\"\" style=\"clear:both;display:block;\"><\/div><div class=\"crane-blog-widget crane-blog-layout-standard crane-column-1\" data-params=\"{&quot;layout&quot;:&quot;standard&quot;,&quot;image_resolution&quot;:&quot;crane-featured&quot;,&quot;show_pubdate&quot;:&quot;true&quot;,&quot;show_author&quot;:&quot;&quot;,&quot;show_cats&quot;:&quot;&quot;,&quot;show_tags&quot;:&quot;true&quot;,&quot;show_excerpt&quot;:&quot;true&quot;,&quot;excerpt_strip_html&quot;:&quot;true&quot;,&quot;show_read_more&quot;:&quot;&quot;,&quot;show_comment_link&quot;:&quot;true&quot;,&quot;show_share_button&quot;:&quot;true&quot;,&quot;posts_limit&quot;:&quot;10&quot;,&quot;author&quot;:&quot;&quot;,&quot;category&quot;:&quot;press,nyheter&quot;,&quot;tag&quot;:&quot;&quot;,&quot;order&quot;:&quot;DESC&quot;,&quot;orderby&quot;:&quot;post_date&quot;,&quot;show_custom_order&quot;:&quot;&quot;,&quot;target&quot;:&quot;same&quot;,&quot;style&quot;:&quot;corporate&quot;,&quot;hover_type&quot;:&quot;standard&quot;,&quot;hover_gradient__from&quot;:&quot;#7ad4f1&quot;,&quot;hover_gradient__to&quot;:&quot;#cef17a&quot;,&quot;img_proportion&quot;:&quot;1x1&quot;,&quot;show_title_description&quot;:true,&quot;excerpt_height&quot;:170,&quot;blog_cell_item_bg_color&quot;:&quot;#f8f7f5&quot;,&quot;show_post_meta&quot;:&quot;author-and-date&quot;,&quot;grid_spacing&quot;:0,&quot;columns&quot;:4,&quot;columns_cell&quot;:2,&quot;max_width&quot;:768,&quot;post_height_desktop&quot;:350,&quot;post_height_mobile&quot;:350,&quot;include_sticky_blog_posts&quot;:true}\"><div class=\"crane-blog-grid loading\"><div class=\"crane-blog-grid-sizer\"><\/div><article id=\"post-11940\" class=\"crane-row-flex crane-blog-grid-item post-11940 post type-post status-publish format-standard has-post-thumbnail hentry category-nyheter\">\n\t\t\t<div class=\"crane-col-sm-1 hidden-xs\">\n\t\t\t\n\t\t\t<div class=\"crane-share\">\n\t\t\t\t<i class=\"crane-share-icon crane-icon icon-Horn\"><\/i>\n\n\t\t\t\t<div class=\"crane-share-list\">\n\t\t\t\t\t<a class=\"facebook-share crane-share-list__link\" data-title=\"Utem\u00e4ssan pausas &#8211; vi laddar om inf\u00f6r 2027\"\n\t   data-url=\"https:\/\/utemassan.se\/sv\/utemassan-pausas-vi-laddar-om-infor-2027\/\" href=\"#\">\n\t   <i class=\"crane-icon fa fa-facebook\"><\/i><\/a> <a class=\"twitter-share crane-share-list__link\" data-title=\"Utem\u00e4ssan pausas &#8211; vi laddar om inf\u00f6r 2027\"\n\t   data-url=\"https:\/\/utemassan.se\/sv\/utemassan-pausas-vi-laddar-om-infor-2027\/\" href=\"#\">\n\t   <i class=\"crane-icon fa fa-twitter\"><\/i><\/a>\t\t\t\t<\/div>\n\t\t\t<\/div>\n\t\t\t\t\t<\/div>\n\t\t<div class=\"post__main crane-col-sm-11 crane-col-xs-12\">\n\t\t\t\t<div class=\"post__main__placeholder\">\n\t\t\t<a href=\"https:\/\/utemassan.se\/sv\/utemassan-pausas-vi-laddar-om-infor-2027\/\">\n\t\t\t\t<img fetchpriority=\"high\" decoding=\"async\" width=\"900\" height=\"600\" src=\"https:\/\/utemassan.se\/wp-content\/uploads\/2023\/01\/utemassan-fp-900x600-1.jpg\" class=\"attachment-crane-featured size-crane-featured\" alt=\"Utem\u00e4ssan i Lappland\" srcset=\"https:\/\/utemassan.se\/wp-content\/uploads\/2023\/01\/utemassan-fp-900x600-1.jpg 900w, https:\/\/utemassan.se\/wp-content\/uploads\/2023\/01\/utemassan-fp-900x600-1-300x300.jpg 300w, https:\/\/utemassan.se\/wp-content\/uploads\/2023\/01\/utemassan-fp-900x600-1-768x512.jpg 768w, https:\/\/utemassan.se\/wp-content\/uploads\/2023\/01\/utemassan-fp-900x600-1-18x12.jpg 18w, https:\/\/utemassan.se\/wp-content\/uploads\/2023\/01\/utemassan-fp-900x600-1-600x400.jpg 600w\" sizes=\"(max-width: 900px) 100vw, 900px\" \/>\t\t\t<\/a>\n\t\t<\/div>\n\t\t<div class=\"post__main__txt-wrapper\">\n\n\t<h2 class=\"crane-blog-post__title\"><a href=\"https:\/\/utemassan.se\/sv\/utemassan-pausas-vi-laddar-om-infor-2027\/\" rel=\"bookmark\" >Utem\u00e4ssan pausas &#8211; vi laddar om inf\u00f6r 2027<\/a><\/h2>\n\t\n\t<div class=\"crane-blog-meta\">\n\n\t\t\n\t\t\n\t\t<span>Posted<\/span> <a href=\"https:\/\/utemassan.se\/sv\/2026\/03\/\" title=\"11:34\" rel=\"bookmark\">13 mars, 2026<\/a>\n\t<\/div>\n\n\t    <div class=\"post__main__txt\">\n\t\tHej!Vi vill b\u00f6rja med att tacka er f\u00f6r ert f\u00f6rtroende och fina engagemang kring Utem\u00e4ssan.Det betyder v\u00e4ldigt mycket f\u00f6r oss. Den m\u00e4ssa som vi genomf\u00f6rde v\u00e5ren 2025 tillsammans med alla samarbetspartners och utst\u00e4llare var f\u00f6r oss ett v\u00e4ldigt roligt och l\u00e4rorikt event och vi k\u00e4nde stor tacksamhet efter\u00e5t f\u00f6r alla h\u00e4rliga m\u00e4nniskor vi fick f\u00f6rm\u00e5nen ...\t\t    <\/div>\n\n\t\t\t\t\n\t<\/div>\n<hr class=\"post-divider\">\n\t<\/div>\n<\/article>\n<article id=\"post-11906\" class=\"crane-row-flex crane-blog-grid-item post-11906 post type-post status-publish format-standard has-post-thumbnail hentry category-nyheter\">\n\t\t\t<div class=\"crane-col-sm-1 hidden-xs\">\n\t\t\t\n\t\t\t<div class=\"crane-share\">\n\t\t\t\t<i class=\"crane-share-icon crane-icon icon-Horn\"><\/i>\n\n\t\t\t\t<div class=\"crane-share-list\">\n\t\t\t\t\t<a class=\"facebook-share crane-share-list__link\" data-title=\"Program f\u00f6r m\u00e4ssan 2025!\"\n\t   data-url=\"https:\/\/utemassan.se\/sv\/program-for-massan-2025\/\" href=\"#\">\n\t   <i class=\"crane-icon fa fa-facebook\"><\/i><\/a> <a class=\"twitter-share crane-share-list__link\" data-title=\"Program f\u00f6r m\u00e4ssan 2025!\"\n\t   data-url=\"https:\/\/utemassan.se\/sv\/program-for-massan-2025\/\" href=\"#\">\n\t   <i class=\"crane-icon fa fa-twitter\"><\/i><\/a>\t\t\t\t<\/div>\n\t\t\t<\/div>\n\t\t\t\t\t<\/div>\n\t\t<div class=\"post__main crane-col-sm-11 crane-col-xs-12\">\n\t\t\t\t<div class=\"post__main__placeholder\">\n\t\t\t<a href=\"https:\/\/utemassan.se\/sv\/program-for-massan-2025\/\">\n\t\t\t\t<img decoding=\"async\" width=\"1000\" height=\"600\" src=\"https:\/\/utemassan.se\/wp-content\/uploads\/2019\/12\/program-1920x1080-1000x600.jpg\" class=\"attachment-crane-featured size-crane-featured\" alt=\"Utem\u00e4ssans program\" srcset=\"https:\/\/utemassan.se\/wp-content\/uploads\/2019\/12\/program-1920x1080-1000x600.jpg 1000w, https:\/\/utemassan.se\/wp-content\/uploads\/2019\/12\/program-1920x1080-300x300.jpg 300w, https:\/\/utemassan.se\/wp-content\/uploads\/2019\/12\/program-1920x1080-600x400.jpg 600w, https:\/\/utemassan.se\/wp-content\/uploads\/2019\/12\/program-1920x1080-900x900.jpg 900w\" sizes=\"(max-width: 1000px) 100vw, 1000px\" \/>\t\t\t<\/a>\n\t\t<\/div>\n\t\t<div class=\"post__main__txt-wrapper\">\n\n\t<h2 class=\"crane-blog-post__title\"><a href=\"https:\/\/utemassan.se\/sv\/program-for-massan-2025\/\" rel=\"bookmark\" >Program f\u00f6r m\u00e4ssan 2025!<\/a><\/h2>\n\t\n\t<div class=\"crane-blog-meta\">\n\n\t\t\n\t\t\n\t\t<span>Posted<\/span> <a href=\"https:\/\/utemassan.se\/sv\/2025\/05\/\" title=\"13:14\" rel=\"bookmark\">14 maj, 2025<\/a>\n\t<\/div>\n\n\t    <div class=\"post__main__txt\">\n\t\tFredag: 15.00 M\u00e4ssan \u00f6ppnar f\u00f6r helgen! 16.00-16.30 F\u00f6rel\u00e4sning Polismyndigheten 17.00 Intervju med Bj\u00f6rn Ferry och Heidi Andersson, intervjun h\u00e5lls av Sverker Olofsson 18.00 Intervju med Anna Johansson \u00e5rets j\u00e4gare 2023, intervjun h\u00e5lls av Sverker Olofsson 20.00 M\u00e4ssan st\u00e4nger f\u00f6r dagen &nbsp; L\u00f6rdag: 10.00 M\u00e4ssan \u00f6ppnar 10.30 M\u00f6t armbrytarv\u00e4rldsm\u00e4staren Heidi Andersson \u2013 p\u00e5 plats med Kent ...\t\t    <\/div>\n\n\t\t\t\t\n\t<\/div>\n<hr class=\"post-divider\">\n\t<\/div>\n<\/article>\n<article id=\"post-11887\" class=\"crane-row-flex crane-blog-grid-item post-11887 post type-post status-publish format-standard has-post-thumbnail hentry category-nyheter\">\n\t\t\t<div class=\"crane-col-sm-1 hidden-xs\">\n\t\t\t\n\t\t\t<div class=\"crane-share\">\n\t\t\t\t<i class=\"crane-share-icon crane-icon icon-Horn\"><\/i>\n\n\t\t\t\t<div class=\"crane-share-list\">\n\t\t\t\t\t<a class=\"facebook-share crane-share-list__link\" data-title=\"En Familj med Passion f\u00f6r Mat och Service\"\n\t   data-url=\"https:\/\/utemassan.se\/sv\/en-familj-med-passion-for-mat-och-service\/\" href=\"#\">\n\t   <i class=\"crane-icon fa fa-facebook\"><\/i><\/a> <a class=\"twitter-share crane-share-list__link\" data-title=\"En Familj med Passion f\u00f6r Mat och Service\"\n\t   data-url=\"https:\/\/utemassan.se\/sv\/en-familj-med-passion-for-mat-och-service\/\" href=\"#\">\n\t   <i class=\"crane-icon fa fa-twitter\"><\/i><\/a>\t\t\t\t<\/div>\n\t\t\t<\/div>\n\t\t\t\t\t<\/div>\n\t\t<div class=\"post__main crane-col-sm-11 crane-col-xs-12\">\n\t\t\t\t<div class=\"post__main__placeholder\">\n\t\t\t<a href=\"https:\/\/utemassan.se\/sv\/en-familj-med-passion-for-mat-och-service\/\">\n\t\t\t\t<img decoding=\"async\" width=\"1000\" height=\"600\" src=\"https:\/\/utemassan.se\/wp-content\/uploads\/2025\/05\/image0000011-1000x600.jpg\" class=\"attachment-crane-featured size-crane-featured\" alt=\"\" srcset=\"https:\/\/utemassan.se\/wp-content\/uploads\/2025\/05\/image0000011-1000x600.jpg 1000w, https:\/\/utemassan.se\/wp-content\/uploads\/2025\/05\/image0000011-300x300.jpg 300w, https:\/\/utemassan.se\/wp-content\/uploads\/2025\/05\/image0000011-600x400.jpg 600w, https:\/\/utemassan.se\/wp-content\/uploads\/2025\/05\/image0000011-900x900.jpg 900w\" sizes=\"(max-width: 1000px) 100vw, 1000px\" \/>\t\t\t<\/a>\n\t\t<\/div>\n\t\t<div class=\"post__main__txt-wrapper\">\n\n\t<h2 class=\"crane-blog-post__title\"><a href=\"https:\/\/utemassan.se\/sv\/en-familj-med-passion-for-mat-och-service\/\" rel=\"bookmark\" >En Familj med Passion f\u00f6r Mat och Service<\/a><\/h2>\n\t\n\t<div class=\"crane-blog-meta\">\n\n\t\t\n\t\t\n\t\t<span>Posted<\/span> <a href=\"https:\/\/utemassan.se\/sv\/2025\/05\/\" title=\"14:51\" rel=\"bookmark\">7 maj, 2025<\/a>\n\t<\/div>\n\n\t    <div class=\"post__main__txt\">\n\t\tEn Familj med Passion f\u00f6r Mat och Service \u00c5nn Wheels, ett familje\u00e4gt f\u00f6retag fr\u00e5n J\u00e4mtland, tar med sig en smakupplevelse ut\u00f6ver det vanliga till Utem\u00e4ssan 2025! H\u00e4r kan du njuta av deras specialitet \u2013 en matv\u00e5ffla som kombinerar det b\u00e4sta av J\u00e4mtlands vilt och fiske. V\u00e5ffla med R\u00f6kt \u00c4lg eller R\u00f6kt \u00c5nnsj\u00f6fiskDet som g\u00f6r \u00c5nn ...\t\t    <\/div>\n\n\t\t\t\t\n\t<\/div>\n<hr class=\"post-divider\">\n\t<\/div>\n<\/article>\n<article id=\"post-11881\" class=\"crane-row-flex crane-blog-grid-item post-11881 post type-post status-publish format-standard has-post-thumbnail hentry category-nyheter\">\n\t\t\t<div class=\"crane-col-sm-1 hidden-xs\">\n\t\t\t\n\t\t\t<div class=\"crane-share\">\n\t\t\t\t<i class=\"crane-share-icon crane-icon icon-Horn\"><\/i>\n\n\t\t\t\t<div class=\"crane-share-list\">\n\t\t\t\t\t<a class=\"facebook-share crane-share-list__link\" data-title=\"Gratis ponnyridning f\u00f6r alla barn p\u00e5 Utem\u00e4ssan i Lycksele!\"\n\t   data-url=\"https:\/\/utemassan.se\/sv\/gratis-ponnyridning-for-alla-barn-pa-utemassan-i-lycksele\/\" href=\"#\">\n\t   <i class=\"crane-icon fa fa-facebook\"><\/i><\/a> <a class=\"twitter-share crane-share-list__link\" data-title=\"Gratis ponnyridning f\u00f6r alla barn p\u00e5 Utem\u00e4ssan i Lycksele!\"\n\t   data-url=\"https:\/\/utemassan.se\/sv\/gratis-ponnyridning-for-alla-barn-pa-utemassan-i-lycksele\/\" href=\"#\">\n\t   <i class=\"crane-icon fa fa-twitter\"><\/i><\/a>\t\t\t\t<\/div>\n\t\t\t<\/div>\n\t\t\t\t\t<\/div>\n\t\t<div class=\"post__main crane-col-sm-11 crane-col-xs-12\">\n\t\t\t\t<div class=\"post__main__placeholder\">\n\t\t\t<a href=\"https:\/\/utemassan.se\/sv\/gratis-ponnyridning-for-alla-barn-pa-utemassan-i-lycksele\/\">\n\t\t\t\t<img loading=\"lazy\" decoding=\"async\" width=\"1000\" height=\"600\" src=\"https:\/\/utemassan.se\/wp-content\/uploads\/2025\/05\/Utemassan_2023_webb-9-1-1000x600.jpg\" class=\"attachment-crane-featured size-crane-featured\" alt=\"\" srcset=\"https:\/\/utemassan.se\/wp-content\/uploads\/2025\/05\/Utemassan_2023_webb-9-1-1000x600.jpg 1000w, https:\/\/utemassan.se\/wp-content\/uploads\/2025\/05\/Utemassan_2023_webb-9-1-300x300.jpg 300w, https:\/\/utemassan.se\/wp-content\/uploads\/2025\/05\/Utemassan_2023_webb-9-1-600x400.jpg 600w, https:\/\/utemassan.se\/wp-content\/uploads\/2025\/05\/Utemassan_2023_webb-9-1-900x900.jpg 900w\" sizes=\"(max-width: 1000px) 100vw, 1000px\" \/>\t\t\t<\/a>\n\t\t<\/div>\n\t\t<div class=\"post__main__txt-wrapper\">\n\n\t<h2 class=\"crane-blog-post__title\"><a href=\"https:\/\/utemassan.se\/sv\/gratis-ponnyridning-for-alla-barn-pa-utemassan-i-lycksele\/\" rel=\"bookmark\" >Gratis ponnyridning f\u00f6r alla barn p\u00e5 Utem\u00e4ssan i Lycksele!<\/a><\/h2>\n\t\n\t<div class=\"crane-blog-meta\">\n\n\t\t\n\t\t\n\t\t<span>Posted<\/span> <a href=\"https:\/\/utemassan.se\/sv\/2025\/05\/\" title=\"11:13\" rel=\"bookmark\">2 maj, 2025<\/a>\n\t<\/div>\n\n\t    <div class=\"post__main__txt\">\n\t\tUnder helgen n\u00e4r\u00a0Utem\u00e4ssan\u00a0g\u00e5r av stapeln p\u00e5 vackra\u00a0Gammplatsen i Lycksele\u00a0bjuder vi in alla barn till en riktigt h\u00e4rlig upplevelse. Ta med familjen och l\u00e5t barnen prova p\u00e5 ponnyridning \u2013 en kul och uppskattad aktivitet som \u00e4r helt gratis under hela m\u00e4sshelgen. Ponnyridningen \u00e4r \u00f6ppen under hela m\u00e4sshelgen, och v\u00e5ra erfarna ledare finns p\u00e5 plats f\u00f6r att ...\t\t    <\/div>\n\n\t\t\t\t\n\t<\/div>\n<hr class=\"post-divider\">\n\t<\/div>\n<\/article>\n<article id=\"post-11876\" class=\"crane-row-flex crane-blog-grid-item post-11876 post type-post status-publish format-standard has-post-thumbnail hentry category-nyheter\">\n\t\t\t<div class=\"crane-col-sm-1 hidden-xs\">\n\t\t\t\n\t\t\t<div class=\"crane-share\">\n\t\t\t\t<i class=\"crane-share-icon crane-icon icon-Horn\"><\/i>\n\n\t\t\t\t<div class=\"crane-share-list\">\n\t\t\t\t\t<a class=\"facebook-share crane-share-list__link\" data-title=\"Sverker Olofsson intervjuar Heidi Andersson &#038; Bj\u00f6rn Ferry p\u00e5 Utem\u00e4ssan!\"\n\t   data-url=\"https:\/\/utemassan.se\/sv\/sverker-olofsson-intervjuar-heidi-andersson-bjorn-ferry-pa-utemassan\/\" href=\"#\">\n\t   <i class=\"crane-icon fa fa-facebook\"><\/i><\/a> <a class=\"twitter-share crane-share-list__link\" data-title=\"Sverker Olofsson intervjuar Heidi Andersson &#038; Bj\u00f6rn Ferry p\u00e5 Utem\u00e4ssan!\"\n\t   data-url=\"https:\/\/utemassan.se\/sv\/sverker-olofsson-intervjuar-heidi-andersson-bjorn-ferry-pa-utemassan\/\" href=\"#\">\n\t   <i class=\"crane-icon fa fa-twitter\"><\/i><\/a>\t\t\t\t<\/div>\n\t\t\t<\/div>\n\t\t\t\t\t<\/div>\n\t\t<div class=\"post__main crane-col-sm-11 crane-col-xs-12\">\n\t\t\t\t<div class=\"post__main__placeholder\">\n\t\t\t<a href=\"https:\/\/utemassan.se\/sv\/sverker-olofsson-intervjuar-heidi-andersson-bjorn-ferry-pa-utemassan\/\">\n\t\t\t\t<img loading=\"lazy\" decoding=\"async\" width=\"1000\" height=\"600\" src=\"https:\/\/utemassan.se\/wp-content\/uploads\/2019\/12\/om-oss-1920x1080-1000x600.jpg\" class=\"attachment-crane-featured size-crane-featured\" alt=\"\" srcset=\"https:\/\/utemassan.se\/wp-content\/uploads\/2019\/12\/om-oss-1920x1080-1000x600.jpg 1000w, https:\/\/utemassan.se\/wp-content\/uploads\/2019\/12\/om-oss-1920x1080-300x300.jpg 300w, https:\/\/utemassan.se\/wp-content\/uploads\/2019\/12\/om-oss-1920x1080-600x400.jpg 600w, https:\/\/utemassan.se\/wp-content\/uploads\/2019\/12\/om-oss-1920x1080-900x900.jpg 900w\" sizes=\"(max-width: 1000px) 100vw, 1000px\" \/>\t\t\t<\/a>\n\t\t<\/div>\n\t\t<div class=\"post__main__txt-wrapper\">\n\n\t<h2 class=\"crane-blog-post__title\"><a href=\"https:\/\/utemassan.se\/sv\/sverker-olofsson-intervjuar-heidi-andersson-bjorn-ferry-pa-utemassan\/\" rel=\"bookmark\" >Sverker Olofsson intervjuar Heidi Andersson &#038; Bj\u00f6rn Ferry p\u00e5 Utem\u00e4ssan!<\/a><\/h2>\n\t\n\t<div class=\"crane-blog-meta\">\n\n\t\t\n\t\t\n\t\t<span>Posted<\/span> <a href=\"https:\/\/utemassan.se\/sv\/2025\/04\/\" title=\"11:13\" rel=\"bookmark\">17 april, 2025<\/a>\n\t<\/div>\n\n\t    <div class=\"post__main__txt\">\n\t\tFredag den 23 maj f\u00e5r Utem\u00e4ssan celebert bes\u00f6k av den folkk\u00e4re journalisten och programledaren Sverker Olofsson. Kl 1.00 kommer han att h\u00e5lla en sp\u00e4nnande och inspirerande intervju med tv\u00e5 av v\u00e5ra mest uppskattade profiler \u2013 armbryterskan\u00a0Heidi Andersson\u00a0och OS-guldmedalj\u00f6ren\u00a0Bj\u00f6rn Ferry. Och det b\u00e4sta av allt?\u00a0Du kan vara med och p\u00e5verka intervjun!Har du en fr\u00e5ga du alltid ...\t\t    <\/div>\n\n\t\t\t\t\n\t<\/div>\n<hr class=\"post-divider\">\n\t<\/div>\n<\/article>\n<article id=\"post-11869\" class=\"crane-row-flex crane-blog-grid-item post-11869 post type-post status-publish format-standard has-post-thumbnail hentry category-nyheter\">\n\t\t\t<div class=\"crane-col-sm-1 hidden-xs\">\n\t\t\t\n\t\t\t<div class=\"crane-share\">\n\t\t\t\t<i class=\"crane-share-icon crane-icon icon-Horn\"><\/i>\n\n\t\t\t\t<div class=\"crane-share-list\">\n\t\t\t\t\t<a class=\"facebook-share crane-share-list__link\" data-title=\"Upplev Lycksele fr\u00e5n ovan \u2013 Jon Air erbjuder helikopterturer p\u00e5 Utem\u00e4ssan!\"\n\t   data-url=\"https:\/\/utemassan.se\/sv\/upplev-lycksele-fran-ovan-jon-air-erbjuder-helikopterturer-pa-utemassan\/\" href=\"#\">\n\t   <i class=\"crane-icon fa fa-facebook\"><\/i><\/a> <a class=\"twitter-share crane-share-list__link\" data-title=\"Upplev Lycksele fr\u00e5n ovan \u2013 Jon Air erbjuder helikopterturer p\u00e5 Utem\u00e4ssan!\"\n\t   data-url=\"https:\/\/utemassan.se\/sv\/upplev-lycksele-fran-ovan-jon-air-erbjuder-helikopterturer-pa-utemassan\/\" href=\"#\">\n\t   <i class=\"crane-icon fa fa-twitter\"><\/i><\/a>\t\t\t\t<\/div>\n\t\t\t<\/div>\n\t\t\t\t\t<\/div>\n\t\t<div class=\"post__main crane-col-sm-11 crane-col-xs-12\">\n\t\t\t\t<div class=\"post__main__placeholder\">\n\t\t\t<a href=\"https:\/\/utemassan.se\/sv\/upplev-lycksele-fran-ovan-jon-air-erbjuder-helikopterturer-pa-utemassan\/\">\n\t\t\t\t<img loading=\"lazy\" decoding=\"async\" width=\"1000\" height=\"600\" src=\"https:\/\/utemassan.se\/wp-content\/uploads\/2025\/04\/umeaguiden05_guidentestar_20-1-1000x600.jpg\" class=\"attachment-crane-featured size-crane-featured\" alt=\"\" srcset=\"https:\/\/utemassan.se\/wp-content\/uploads\/2025\/04\/umeaguiden05_guidentestar_20-1-1000x600.jpg 1000w, https:\/\/utemassan.se\/wp-content\/uploads\/2025\/04\/umeaguiden05_guidentestar_20-1-18x12.jpg 18w, https:\/\/utemassan.se\/wp-content\/uploads\/2025\/04\/umeaguiden05_guidentestar_20-1-300x300.jpg 300w, https:\/\/utemassan.se\/wp-content\/uploads\/2025\/04\/umeaguiden05_guidentestar_20-1-600x400.jpg 600w, https:\/\/utemassan.se\/wp-content\/uploads\/2025\/04\/umeaguiden05_guidentestar_20-1-900x900.jpg 900w\" sizes=\"(max-width: 1000px) 100vw, 1000px\" \/>\t\t\t<\/a>\n\t\t<\/div>\n\t\t<div class=\"post__main__txt-wrapper\">\n\n\t<h2 class=\"crane-blog-post__title\"><a href=\"https:\/\/utemassan.se\/sv\/upplev-lycksele-fran-ovan-jon-air-erbjuder-helikopterturer-pa-utemassan\/\" rel=\"bookmark\" >Upplev Lycksele fr\u00e5n ovan \u2013 Jon Air erbjuder helikopterturer p\u00e5 Utem\u00e4ssan!<\/a><\/h2>\n\t\n\t<div class=\"crane-blog-meta\">\n\n\t\t\n\t\t\n\t\t<span>Posted<\/span> <a href=\"https:\/\/utemassan.se\/sv\/2025\/04\/\" title=\"11:03\" rel=\"bookmark\">17 april, 2025<\/a>\n\t<\/div>\n\n\t    <div class=\"post__main__txt\">\n\t\tDr\u00f6mmer du om att flyga helikopter? Nu har du chansen att g\u00f6ra verklighet av den dr\u00f6mmen! Under \u00e5rets Utem\u00e4ssa i Lycksele finns Jon Air p\u00e5 plats f\u00f6r att ge bes\u00f6kare en of\u00f6rgl\u00f6mlig upplevelse fr\u00e5n ovan. Med Jon Airs helikopterturer f\u00e5r du se Lyckseles vackra omgivningar ur ett helt nytt perspektiv. K\u00e4nn friheten h\u00f6gt ovan tr\u00e4dtopparna, ...\t\t    <\/div>\n\n\t\t\t\t\n\t<\/div>\n<hr class=\"post-divider\">\n\t<\/div>\n<\/article>\n<article id=\"post-11860\" class=\"crane-row-flex crane-blog-grid-item post-11860 post type-post status-publish format-standard has-post-thumbnail hentry category-nyheter\">\n\t\t\t<div class=\"crane-col-sm-1 hidden-xs\">\n\t\t\t\n\t\t\t<div class=\"crane-share\">\n\t\t\t\t<i class=\"crane-share-icon crane-icon icon-Horn\"><\/i>\n\n\t\t\t\t<div class=\"crane-share-list\">\n\t\t\t\t\t<a class=\"facebook-share crane-share-list__link\" data-title=\"M\u00f6t Bj\u00f6rn Ferry &#038; Heidi Andersson p\u00e5 Utem\u00e4ssan \u2013 Ett samtal om idrott, livsval och h\u00e5llbar framtid\"\n\t   data-url=\"https:\/\/utemassan.se\/sv\/mot-bjorn-ferry-heidi-andersson-pa-utemassan-ett-samtal-om-idrott-livsval-och-hallbar-framtid\/\" href=\"#\">\n\t   <i class=\"crane-icon fa fa-facebook\"><\/i><\/a> <a class=\"twitter-share crane-share-list__link\" data-title=\"M\u00f6t Bj\u00f6rn Ferry &#038; Heidi Andersson p\u00e5 Utem\u00e4ssan \u2013 Ett samtal om idrott, livsval och h\u00e5llbar framtid\"\n\t   data-url=\"https:\/\/utemassan.se\/sv\/mot-bjorn-ferry-heidi-andersson-pa-utemassan-ett-samtal-om-idrott-livsval-och-hallbar-framtid\/\" href=\"#\">\n\t   <i class=\"crane-icon fa fa-twitter\"><\/i><\/a>\t\t\t\t<\/div>\n\t\t\t<\/div>\n\t\t\t\t\t<\/div>\n\t\t<div class=\"post__main crane-col-sm-11 crane-col-xs-12\">\n\t\t\t\t<div class=\"post__main__placeholder\">\n\t\t\t<a href=\"https:\/\/utemassan.se\/sv\/mot-bjorn-ferry-heidi-andersson-pa-utemassan-ett-samtal-om-idrott-livsval-och-hallbar-framtid\/\">\n\t\t\t\t<img loading=\"lazy\" decoding=\"async\" width=\"1000\" height=\"600\" src=\"https:\/\/utemassan.se\/wp-content\/uploads\/2025\/04\/image00014-1000x600.jpeg\" class=\"attachment-crane-featured size-crane-featured\" alt=\"\" srcset=\"https:\/\/utemassan.se\/wp-content\/uploads\/2025\/04\/image00014-1000x600.jpeg 1000w, https:\/\/utemassan.se\/wp-content\/uploads\/2025\/04\/image00014-300x300.jpeg 300w, https:\/\/utemassan.se\/wp-content\/uploads\/2025\/04\/image00014-600x400.jpeg 600w, https:\/\/utemassan.se\/wp-content\/uploads\/2025\/04\/image00014-900x900.jpeg 900w\" sizes=\"(max-width: 1000px) 100vw, 1000px\" \/>\t\t\t<\/a>\n\t\t<\/div>\n\t\t<div class=\"post__main__txt-wrapper\">\n\n\t<h2 class=\"crane-blog-post__title\"><a href=\"https:\/\/utemassan.se\/sv\/mot-bjorn-ferry-heidi-andersson-pa-utemassan-ett-samtal-om-idrott-livsval-och-hallbar-framtid\/\" rel=\"bookmark\" >M\u00f6t Bj\u00f6rn Ferry &#038; Heidi Andersson p\u00e5 Utem\u00e4ssan \u2013 Ett samtal om idrott, livsval och h\u00e5llbar framtid<\/a><\/h2>\n\t\n\t<div class=\"crane-blog-meta\">\n\n\t\t\n\t\t\n\t\t<span>Posted<\/span> <a href=\"https:\/\/utemassan.se\/sv\/2025\/04\/\" title=\"12:09\" rel=\"bookmark\">9 april, 2025<\/a>\n\t<\/div>\n\n\t    <div class=\"post__main__txt\">\n\t\tFredag den 23 maj bjuder Utem\u00e4ssan in till ett inspirerande samtal med tv\u00e5 av Sveriges mest engagerade profiler \u2013 Heidi Andersson och Bj\u00f6rn Ferry. De har b\u00e5da n\u00e5tt toppen inom sina sporter \u2013 armbrytning och skidskytte \u2013 men deras resa har fortsatt l\u00e5ngt bortom idrotten. Idag \u00e4r de drivande r\u00f6ster i omst\u00e4llningen mot ett fossilfritt ...\t\t    <\/div>\n\n\t\t\t\t\n\t<\/div>\n<hr class=\"post-divider\">\n\t<\/div>\n<\/article>\n<article id=\"post-11849\" class=\"crane-row-flex crane-blog-grid-item post-11849 post type-post status-publish format-standard has-post-thumbnail hentry category-nyheter\">\n\t\t\t<div class=\"crane-col-sm-1 hidden-xs\">\n\t\t\t\n\t\t\t<div class=\"crane-share\">\n\t\t\t\t<i class=\"crane-share-icon crane-icon icon-Horn\"><\/i>\n\n\t\t\t\t<div class=\"crane-share-list\">\n\t\t\t\t\t<a class=\"facebook-share crane-share-list__link\" data-title=\"V\u00e4rldsm\u00e4stare p\u00e5 plats p\u00e5 Utem\u00e4ssan \u2013 L\u00e4r dig armbrytning av de allra b\u00e4sta!\"\n\t   data-url=\"https:\/\/utemassan.se\/sv\/varldsmastare-pa-plats-pa-utemassan-lar-dig-armbrytning-av-de-allra-basta\/\" href=\"#\">\n\t   <i class=\"crane-icon fa fa-facebook\"><\/i><\/a> <a class=\"twitter-share crane-share-list__link\" data-title=\"V\u00e4rldsm\u00e4stare p\u00e5 plats p\u00e5 Utem\u00e4ssan \u2013 L\u00e4r dig armbrytning av de allra b\u00e4sta!\"\n\t   data-url=\"https:\/\/utemassan.se\/sv\/varldsmastare-pa-plats-pa-utemassan-lar-dig-armbrytning-av-de-allra-basta\/\" href=\"#\">\n\t   <i class=\"crane-icon fa fa-twitter\"><\/i><\/a>\t\t\t\t<\/div>\n\t\t\t<\/div>\n\t\t\t\t\t<\/div>\n\t\t<div class=\"post__main crane-col-sm-11 crane-col-xs-12\">\n\t\t\t\t<div class=\"post__main__placeholder\">\n\t\t\t<a href=\"https:\/\/utemassan.se\/sv\/varldsmastare-pa-plats-pa-utemassan-lar-dig-armbrytning-av-de-allra-basta\/\">\n\t\t\t\t<img loading=\"lazy\" decoding=\"async\" width=\"1000\" height=\"600\" src=\"https:\/\/utemassan.se\/wp-content\/uploads\/2025\/04\/IMG_20240428_091915-scaled-e1744197458204-1000x600.jpg\" class=\"attachment-crane-featured size-crane-featured\" alt=\"\" srcset=\"https:\/\/utemassan.se\/wp-content\/uploads\/2025\/04\/IMG_20240428_091915-scaled-e1744197458204-1000x600.jpg 1000w, https:\/\/utemassan.se\/wp-content\/uploads\/2025\/04\/IMG_20240428_091915-scaled-e1744197458204-18x12.jpg 18w, https:\/\/utemassan.se\/wp-content\/uploads\/2025\/04\/IMG_20240428_091915-scaled-e1744197458204-300x300.jpg 300w, https:\/\/utemassan.se\/wp-content\/uploads\/2025\/04\/IMG_20240428_091915-scaled-e1744197458204-600x400.jpg 600w, https:\/\/utemassan.se\/wp-content\/uploads\/2025\/04\/IMG_20240428_091915-scaled-e1744197458204-900x900.jpg 900w\" sizes=\"(max-width: 1000px) 100vw, 1000px\" \/>\t\t\t<\/a>\n\t\t<\/div>\n\t\t<div class=\"post__main__txt-wrapper\">\n\n\t<h2 class=\"crane-blog-post__title\"><a href=\"https:\/\/utemassan.se\/sv\/varldsmastare-pa-plats-pa-utemassan-lar-dig-armbrytning-av-de-allra-basta\/\" rel=\"bookmark\" >V\u00e4rldsm\u00e4stare p\u00e5 plats p\u00e5 Utem\u00e4ssan \u2013 L\u00e4r dig armbrytning av de allra b\u00e4sta!<\/a><\/h2>\n\t\n\t<div class=\"crane-blog-meta\">\n\n\t\t\n\t\t\n\t\t<span>Posted<\/span> <a href=\"https:\/\/utemassan.se\/sv\/2025\/04\/\" title=\"11:39\" rel=\"bookmark\">9 april, 2025<\/a>\n\t<\/div>\n\n\t    <div class=\"post__main__txt\">\n\t\tDen 24 maj f\u00e5r Utem\u00e4ssan celebert bes\u00f6k av ingen mindre \u00e4n Heidi Andersson \u2013 elvafaldig v\u00e4rldsm\u00e4stare i armbrytning fr\u00e5n byn Ensamheten i V\u00e4sterbotten. Tillsammans med sin far Kent och son Dante Andersson bjuder de p\u00e5 exklusiva v\u00e4rldsm\u00e4starinstruktioner och inspiration f\u00f6r alla som vill testa armbrytning p\u00e5 riktigt. Det h\u00e4r \u00e4r en unik chans att tr\u00e4ffa ...\t\t    <\/div>\n\n\t\t\t\t\n\t<\/div>\n<hr class=\"post-divider\">\n\t<\/div>\n<\/article>\n<article id=\"post-11822\" class=\"crane-row-flex crane-blog-grid-item post-11822 post type-post status-publish format-standard has-post-thumbnail hentry category-nyheter\">\n\t\t\t<div class=\"crane-col-sm-1 hidden-xs\">\n\t\t\t\n\t\t\t<div class=\"crane-share\">\n\t\t\t\t<i class=\"crane-share-icon crane-icon icon-Horn\"><\/i>\n\n\t\t\t\t<div class=\"crane-share-list\">\n\t\t\t\t\t<a class=\"facebook-share crane-share-list__link\" data-title=\"Hon tar \u00f6ver Utem\u00e4ssan \u2013 s\u00e5 ser framtiden ut f\u00f6r folkfesten i Lycksele\"\n\t   data-url=\"https:\/\/utemassan.se\/sv\/hon-tar-over-utemassan-sa-ser-framtiden-ut-for-folkfesten-i-lycksele\/\" href=\"#\">\n\t   <i class=\"crane-icon fa fa-facebook\"><\/i><\/a> <a class=\"twitter-share crane-share-list__link\" data-title=\"Hon tar \u00f6ver Utem\u00e4ssan \u2013 s\u00e5 ser framtiden ut f\u00f6r folkfesten i Lycksele\"\n\t   data-url=\"https:\/\/utemassan.se\/sv\/hon-tar-over-utemassan-sa-ser-framtiden-ut-for-folkfesten-i-lycksele\/\" href=\"#\">\n\t   <i class=\"crane-icon fa fa-twitter\"><\/i><\/a>\t\t\t\t<\/div>\n\t\t\t<\/div>\n\t\t\t\t\t<\/div>\n\t\t<div class=\"post__main crane-col-sm-11 crane-col-xs-12\">\n\t\t\t\t<div class=\"post__main__placeholder\">\n\t\t\t<a href=\"https:\/\/utemassan.se\/sv\/hon-tar-over-utemassan-sa-ser-framtiden-ut-for-folkfesten-i-lycksele\/\">\n\t\t\t\t<img loading=\"lazy\" decoding=\"async\" width=\"1000\" height=\"600\" src=\"https:\/\/utemassan.se\/wp-content\/uploads\/2025\/03\/UM-press_lowres_green_s-1000x600.jpg\" class=\"attachment-crane-featured size-crane-featured\" alt=\"\" srcset=\"https:\/\/utemassan.se\/wp-content\/uploads\/2025\/03\/UM-press_lowres_green_s-1000x600.jpg 1000w, https:\/\/utemassan.se\/wp-content\/uploads\/2025\/03\/UM-press_lowres_green_s-18x10.jpg 18w, https:\/\/utemassan.se\/wp-content\/uploads\/2025\/03\/UM-press_lowres_green_s-300x300.jpg 300w, https:\/\/utemassan.se\/wp-content\/uploads\/2025\/03\/UM-press_lowres_green_s-600x400.jpg 600w, https:\/\/utemassan.se\/wp-content\/uploads\/2025\/03\/UM-press_lowres_green_s-900x900.jpg 900w\" sizes=\"(max-width: 1000px) 100vw, 1000px\" \/>\t\t\t<\/a>\n\t\t<\/div>\n\t\t<div class=\"post__main__txt-wrapper\">\n\n\t<h2 class=\"crane-blog-post__title\"><a href=\"https:\/\/utemassan.se\/sv\/hon-tar-over-utemassan-sa-ser-framtiden-ut-for-folkfesten-i-lycksele\/\" rel=\"bookmark\" >Hon tar \u00f6ver Utem\u00e4ssan \u2013 s\u00e5 ser framtiden ut f\u00f6r folkfesten i Lycksele<\/a><\/h2>\n\t\n\t<div class=\"crane-blog-meta\">\n\n\t\t\n\t\t\n\t\t<span>Posted<\/span> <a href=\"https:\/\/utemassan.se\/sv\/2025\/03\/\" title=\"08:56\" rel=\"bookmark\">27 mars, 2025<\/a>\n\t<\/div>\n\n\t    <div class=\"post__main__txt\">\n\t\t19 mars 2025: Utem\u00e4ssan i Lycksele, en av Nordens mest uppskattade m\u00f6tesplatser f\u00f6r friluftsliv, st\u00e5r inf\u00f6r ett nytt kapitel. Entrepren\u00f6ren Cajsa Ols\u00e9n tar \u00f6ver huvud\u00e4gandet fr\u00e5n Thomas W\u00e4nman och ser fram emot att b\u00e5de bevara och vidareutveckla den starka traditionen. \u00c5rets evenemang den 23\u201325 maj blir en v\u00e4lbekant och uppskattad samlingspunkt f\u00f6r bes\u00f6kare och utst\u00e4llare, ...\t\t    <\/div>\n\n\t\t\t\t\n\t<\/div>\n<hr class=\"post-divider\">\n\t<\/div>\n<\/article>\n<article id=\"post-11664\" class=\"crane-row-flex crane-blog-grid-item post-11664 post type-post status-publish format-standard has-post-thumbnail hentry category-nyheter\">\n\t\t\t<div class=\"crane-col-sm-1 hidden-xs\">\n\t\t\t        <a class=\"crane-comments\" href=\"https:\/\/utemassan.se\/sv\/utemassans-massmagasin-2023\/#respond\">\n            <i class=\"crane-icon icon-Chat\"><\/i>\n            <span class=\"crane-comments__count\">0<\/span>\n        <\/a>\n\n\t\t\t<div class=\"crane-share\">\n\t\t\t\t<i class=\"crane-share-icon crane-icon icon-Horn\"><\/i>\n\n\t\t\t\t<div class=\"crane-share-list\">\n\t\t\t\t\t<a class=\"facebook-share crane-share-list__link\" data-title=\"Utem\u00e4ssans m\u00e4ssmagasin 2023\"\n\t   data-url=\"https:\/\/utemassan.se\/sv\/utemassans-massmagasin-2023\/\" href=\"#\">\n\t   <i class=\"crane-icon fa fa-facebook\"><\/i><\/a> <a class=\"twitter-share crane-share-list__link\" data-title=\"Utem\u00e4ssans m\u00e4ssmagasin 2023\"\n\t   data-url=\"https:\/\/utemassan.se\/sv\/utemassans-massmagasin-2023\/\" href=\"#\">\n\t   <i class=\"crane-icon fa fa-twitter\"><\/i><\/a>\t\t\t\t<\/div>\n\t\t\t<\/div>\n\t\t\t\t\t<\/div>\n\t\t<div class=\"post__main crane-col-sm-11 crane-col-xs-12\">\n\t\t\t\t<div class=\"post__main__placeholder\">\n\t\t\t<a href=\"https:\/\/utemassan.se\/sv\/utemassans-massmagasin-2023\/\">\n\t\t\t\t<img loading=\"lazy\" decoding=\"async\" width=\"1000\" height=\"600\" src=\"https:\/\/utemassan.se\/wp-content\/uploads\/2023\/05\/Utemassan2023_low_page-0001-1000x600.jpg\" class=\"attachment-crane-featured size-crane-featured\" alt=\"\" srcset=\"https:\/\/utemassan.se\/wp-content\/uploads\/2023\/05\/Utemassan2023_low_page-0001-1000x600.jpg 1000w, https:\/\/utemassan.se\/wp-content\/uploads\/2023\/05\/Utemassan2023_low_page-0001-300x300.jpg 300w, https:\/\/utemassan.se\/wp-content\/uploads\/2023\/05\/Utemassan2023_low_page-0001-600x400.jpg 600w, https:\/\/utemassan.se\/wp-content\/uploads\/2023\/05\/Utemassan2023_low_page-0001-900x900.jpg 900w\" sizes=\"(max-width: 1000px) 100vw, 1000px\" \/>\t\t\t<\/a>\n\t\t<\/div>\n\t\t<div class=\"post__main__txt-wrapper\">\n\n\t<h2 class=\"crane-blog-post__title\"><a href=\"https:\/\/utemassan.se\/sv\/utemassans-massmagasin-2023\/\" rel=\"bookmark\" >Utem\u00e4ssans m\u00e4ssmagasin 2023<\/a><\/h2>\n\t\n\t<div class=\"crane-blog-meta\">\n\n\t\t\n\t\t\n\t\t<span>Posted<\/span> <a href=\"https:\/\/utemassan.se\/sv\/2023\/05\/\" title=\"13:23\" rel=\"bookmark\">25 maj, 2023<\/a>\n\t<\/div>\n\n\t    <div class=\"post__main__txt\">\n\t\tUtem\u00e4ssan m\u00e4ssmagasin delas ut mellan den 25:e och den 27:e maj men kan l\u00e4sas h\u00e4r.<br>\r\nDu hittar reportage om f\u00f6rel\u00e4sare, program, karta, utst\u00e4llarlista och mycket mera!\t\t    <\/div>\n\n\t\t\t\t\n\t<\/div>\n<hr class=\"post-divider\">\n\t<\/div>\n<\/article>\n<\/div><\/div><div class=\"ult-spacer spacer-69f774b5a05fe\" data-id=\"69f774b5a05fe\" data-height=\"70\" data-height-mobile=\"70\" data-height-tab=\"70\" data-height-tab-portrait=\"\" data-height-mobile-landscape=\"\" style=\"clear:both;display:block;\"><\/div><\/div><\/div><\/div><\/div><\/div><\/div>\n","protected":false},"excerpt":{"rendered":"Utem\u00e4ssan pausas &#8211; vi laddar om inf\u00f6r 2027 Posted 13 mars, 2026 Hej!Vi vill b\u00f6rja med att tacka er f\u00f6r ert f\u00f6rtroende och fina engagemang kring Utem\u00e4ssan.Det betyder v\u00e4ldigt mycket f\u00f6r oss. Den m\u00e4ssa som vi genomf\u00f6rde v\u00e5ren 2025 tillsammans med alla samarbetspartners och utst\u00e4llare var f\u00f6r oss ett v\u00e4ldigt roligt och l\u00e4rorikt event och ...","protected":false},"author":10,"featured_media":0,"parent":0,"menu_order":0,"comment_status":"closed","ping_status":"closed","template":"","meta":{"inline_featured_image":false,"footnotes":""},"_links":{"self":[{"href":"https:\/\/utemassan.se\/sv\/wp-json\/wp\/v2\/pages\/10028"}],"collection":[{"href":"https:\/\/utemassan.se\/sv\/wp-json\/wp\/v2\/pages"}],"about":[{"href":"https:\/\/utemassan.se\/sv\/wp-json\/wp\/v2\/types\/page"}],"author":[{"embeddable":true,"href":"https:\/\/utemassan.se\/sv\/wp-json\/wp\/v2\/users\/10"}],"replies":[{"embeddable":true,"href":"https:\/\/utemassan.se\/sv\/wp-json\/wp\/v2\/comments?post=10028"}],"version-history":[{"count":6,"href":"https:\/\/utemassan.se\/sv\/wp-json\/wp\/v2\/pages\/10028\/revisions"}],"predecessor-version":[{"id":10766,"href":"https:\/\/utemassan.se\/sv\/wp-json\/wp\/v2\/pages\/10028\/revisions\/10766"}],"wp:attachment":[{"href":"https:\/\/utemassan.se\/sv\/wp-json\/wp\/v2\/media?parent=10028"}],"curies":[{"name":"wp","href":"https:\/\/api.w.org\/{rel}","templated":true}]}}